{"version":"1.0","provider_name":"Tribune-Express","provider_url":"https:\/\/tribune-express.ca\/en\/","author_name":"ezn2_spadmin","author_url":"https:\/\/tribune-express.ca\/en\/author\/ezn2_spadmin\/","title":"L\u2019Internet et l\u2019\u00e9conomie au coeur des pr\u00e9occupations - Tribune-Express","type":"rich","width":600,"height":338,"html":"<blockquote class=\"wp-embedded-content\" data-secret=\"seg32mVjBG\"><a href=\"https:\/\/tribune-express.ca\/en\/societe\/linternet-et-leconomie-au-coeur-des-preoccupations\/\">L\u2019Internet et l\u2019\u00e9conomie au coeur des pr\u00e9occupations<\/a><\/blockquote><iframe sandbox=\"allow-scripts\" security=\"restricted\" src=\"https:\/\/tribune-express.ca\/en\/societe\/linternet-et-leconomie-au-coeur-des-preoccupations\/embed\/#?secret=seg32mVjBG\" width=\"600\" height=\"338\" title=\"&#8220;L\u2019Internet et l\u2019\u00e9conomie au coeur des pr\u00e9occupations&#8221; &#8212; Tribune-Express\" data-secret=\"seg32mVjBG\" frameborder=\"0\" marginwidth=\"0\" marginheight=\"0\" scrolling=\"no\" class=\"wp-embedded-content\"><\/iframe><script type=\"text\/javascript\">\n\/* <![CDATA[ *\/\n\/*! This file is auto-generated *\/\n!function(d,l){\"use strict\";l.querySelector&&d.addEventListener&&\"undefined\"!=typeof URL&&(d.wp=d.wp||{},d.wp.receiveEmbedMessage||(d.wp.receiveEmbedMessage=function(e){var t=e.data;if((t||t.secret||t.message||t.value)&&!\/[^a-zA-Z0-9]\/.test(t.secret)){for(var s,r,n,a=l.querySelectorAll('iframe[data-secret=\"'+t.secret+'\"]'),o=l.querySelectorAll('blockquote[data-secret=\"'+t.secret+'\"]'),c=new RegExp(\"^https?:$\",\"i\"),i=0;i<o.length;i++)o[i].style.display=\"none\";for(i=0;i<a.length;i++)s=a[i],e.source===s.contentWindow&&(s.removeAttribute(\"style\"),\"height\"===t.message?(1e3<(r=parseInt(t.value,10))?r=1e3:~~r<200&&(r=200),s.height=r):\"link\"===t.message&&(r=new URL(s.getAttribute(\"src\")),n=new URL(t.value),c.test(n.protocol))&&n.host===r.host&&l.activeElement===s&&(d.top.location.href=t.value))}},d.addEventListener(\"message\",d.wp.receiveEmbedMessage,!1),l.addEventListener(\"DOMContentLoaded\",function(){for(var e,t,s=l.querySelectorAll(\"iframe.wp-embedded-content\"),r=0;r<s.length;r++)(t=(e=s[r]).getAttribute(\"data-secret\"))||(t=Math.random().toString(36).substring(2,12),e.src+=\"#?secret=\"+t,e.setAttribute(\"data-secret\",t)),e.contentWindow.postMessage({message:\"ready\",secret:t},\"*\")},!1)))}(window,document);\n\/* ]]> *\/\n<\/script>\n","thumbnail_url":"https:\/\/cdn.editionap.ca\/wp-content\/uploads\/sites\/3\/2021\/04\/337ac2c5-20a5-4050-a761-0804e4ff6bf6-scaled-1.jpg","thumbnail_width":2560,"thumbnail_height":1920,"description":"L\u2019am\u00e9lioration de la connectivit\u00e9 Internet et l\u2019importance du d\u00e9veloppement \u00e9conomique demeurent la priorit\u00e9 des citoyens malgr\u00e9 un taux de satisfaction \u00e9lev\u00e9 \u00e0 l'\u00e9gard des services, selon les premiers r\u00e9sultats d'une enqu\u00eate men\u00e9e aupr\u00e8s des r\u00e9sidents et des entreprises du canton de Champlain."}